{"id":24097,"date":"2023-10-07T22:32:26","date_gmt":"2023-10-07T20:32:26","guid":{"rendered":"https:\/\/bacanaskincare.com\/our-story\/"},"modified":"2023-10-29T16:00:01","modified_gmt":"2023-10-29T15:00:01","slug":"our-story","status":"publish","type":"page","link":"https:\/\/bacanaskincare.com\/pt-br\/our-story\/","title":{"rendered":"Nossa Hist\u00f3ria"},"content":{"rendered":"<div class=\"wpb-content-wrapper\"><p>[vc_row css=&#8221;.vc_custom_1695213479803{margin-top: 75px !important;}&#8221;][vc_column][vc_column_text]<\/p>\n<h1 style=\"text-align: center;\"><span style=\"font-size: 48px;\">A Bacana Story<\/span><\/h1>\n<p>[\/vc_column_text][\/vc_column][\/vc_row][vc_row content_placement=&#8221;middle&#8221; css=&#8221;.vc_custom_1695212733339{margin-top: 20px !important;margin-bottom: 20px !important;}&#8221;][vc_column width=&#8221;1\/2&#8243;][vc_single_image image=&#8221;24118&#8243; img_size=&#8221;full&#8221; alignment=&#8221;center&#8221;][\/vc_column][vc_column width=&#8221;1\/2&#8243;][vc_column_text]<\/p>\n<h4>Da paix\u00e3o por cosm\u00e9ticos \u00e0 cria\u00e7\u00e3o de nossa marca: Uma jornada inspiradora de solu\u00e7\u00f5es<\/h4>\n<p>&nbsp;<\/p>\n<p class=\"p1\">A Bacana nasceu da paix\u00e3o e da determina\u00e7\u00e3o de Fernanda, uma farmac\u00eautica brasileira que come\u00e7ou sua jornada desenvolvendo produtos exclusivos para cuidar de sua pele sens\u00edvel e seca.<\/p>\n<p>&nbsp;<\/p>\n<blockquote>\n<h1 class=\"p2\"><b>&#8220;Sempre trabalhei com cosm\u00e9ticos, criando produtos para muitas marcas diferentes. Mas chegou um momento em que eu precisava encontrar solu\u00e7\u00f5es espec\u00edficas para minha pr\u00f3pria pele.&#8221;<\/b><\/h1>\n<\/blockquote>\n<p>&nbsp;<\/p>\n<p class=\"p1\" style=\"text-align: left;\">Em 2013, ela se mudou para a Fran\u00e7a para fazer um mestrado em qu\u00edmica de cosm\u00e9ticos. L\u00e1, ela passou tr\u00eas anos n\u00e3o apenas estudando, mas tamb\u00e9m se aprofundando no mundo da produ\u00e7\u00e3o e do desenvolvimento de novos produtos.<\/p>\n<p>&nbsp;<\/p>\n<p class=\"p1\" style=\"text-align: left;\">Em 2016, Fernanda deu mais um grande passo e se mudou para Berlim, na Alemanha. No entanto, a transi\u00e7\u00e3o para um clima mais frio trouxe desafios inesperados.<\/p>\n<p>[\/vc_column_text][\/vc_column][\/vc_row][vc_row content_placement=&#8221;middle&#8221; css=&#8221;.vc_custom_1695212740223{margin-top: 20px !important;margin-bottom: 20px !important;}&#8221;][vc_column width=&#8221;1\/2&#8243; offset=&#8221;vc_hidden-md vc_hidden-sm vc_hidden-xs&#8221;][vc_column_text]<\/p>\n<blockquote>\n<h1 class=\"p1\"><b>&#8220;Minha pele, antes saud\u00e1vel, ficou sens\u00edvel e extremamente seca. Al\u00e9m disso, a ros\u00e1cea, uma condi\u00e7\u00e3o que eu nunca havia enfrentado antes, afetou profundamente minha autoestima.&#8221;<\/b><\/h1>\n<\/blockquote>\n<p>&nbsp;<\/p>\n<p class=\"p2\">Com sua paix\u00e3o pela qu\u00edmica e seu compromisso com a qualidade, Fernanda come\u00e7ou a criar f\u00f3rmulas exclusivas. Ela buscou inspira\u00e7\u00e3o nos ingredientes ativos da Floresta Amaz\u00f4nica e do Brasil, muitos dos quais tinham resultados positivos cientificamente comprovados para a pele.<\/p>\n<p>&nbsp;<\/p>\n<blockquote>\n<h1 class=\"p3\"><b>&#8220;Meu objetivo era claro: criar cosm\u00e9ticos naturais, cheios de ingredientes que fossem suaves para a minha pele, mas tamb\u00e9m eficazes para melhorar a textura, a hidrata\u00e7\u00e3o e as manchas.&#8221;<\/b><\/h1>\n<\/blockquote>\n<p>&nbsp;<\/p>\n<p>Com o tempo, seus produtos come\u00e7aram a apresentar resultados surpreendentes. Pouco a pouco, ela seguiu um caminho de descobertas e desenvolveu uma linha diversificada de produtos. Fernanda testou-os em amigos e familiares, observando cuidadosamente e questionando cada tipo de pele. O resultado era sempre o mesmo: eles ficavam impressionados com a simplicidade e a efic\u00e1cia de seus produtos.[\/vc_column_text][\/vc_column][vc_column width=&#8221;1\/2&#8243; offset=&#8221;vc_hidden-md vc_hidden-sm vc_hidden-xs&#8221;][vc_single_image image=&#8221;24161&#8243; img_size=&#8221;full&#8221; alignment=&#8221;center&#8221;][\/vc_column][\/vc_row][vc_row content_placement=&#8221;middle&#8221; css=&#8221;.vc_custom_1695212740223{margin-top: 20px !important;margin-bottom: 20px !important;}&#8221;][vc_column width=&#8221;1\/2&#8243; offset=&#8221;vc_hidden-lg&#8221;][vc_single_image image=&#8221;24161&#8243; img_size=&#8221;full&#8221; alignment=&#8221;center&#8221;][\/vc_column][vc_column width=&#8221;1\/2&#8243; offset=&#8221;vc_hidden-lg&#8221;][vc_column_text]<\/p>\n<blockquote>\n<h1 class=\"p1\"><b>&#8220;Minha pele, antes saud\u00e1vel, ficou sens\u00edvel e extremamente seca. Al\u00e9m disso, a ros\u00e1cea, uma condi\u00e7\u00e3o que eu nunca havia enfrentado antes, afetou profundamente minha autoestima.&#8221;<\/b><\/h1>\n<\/blockquote>\n<p>&nbsp;<\/p>\n<p class=\"p2\">Com sua paix\u00e3o pela qu\u00edmica e seu compromisso com a qualidade, Fernanda come\u00e7ou a criar f\u00f3rmulas exclusivas. Ela buscou inspira\u00e7\u00e3o nos ingredientes ativos da Floresta Amaz\u00f4nica e do Brasil, muitos dos quais tinham resultados positivos cientificamente comprovados para a pele.<\/p>\n<p>&nbsp;<\/p>\n<blockquote>\n<h1 class=\"p3\"><b>&#8220;Meu objetivo era claro: criar cosm\u00e9ticos naturais, cheios de ingredientes que fossem suaves para a minha pele, mas tamb\u00e9m eficazes para melhorar a textura, a hidrata\u00e7\u00e3o e as manchas.&#8221;<\/b><\/h1>\n<\/blockquote>\n<p>&nbsp;<\/p>\n<p>Com o tempo, seus produtos come\u00e7aram a apresentar resultados surpreendentes. Pouco a pouco, ela seguiu um caminho de descobertas e desenvolveu uma linha diversificada de produtos. Fernanda testou-os em amigos e familiares, observando cuidadosamente e questionando cada tipo de pele. O resultado era sempre o mesmo: eles ficavam impressionados com a simplicidade e a efic\u00e1cia de seus produtos.[\/vc_column_text][\/vc_column][\/vc_row][vc_row content_placement=&#8221;middle&#8221; css=&#8221;.vc_custom_1695212746199{margin-top: 20px !important;margin-bottom: 20px !important;}&#8221;][vc_column width=&#8221;1\/2&#8243;][vc_single_image image=&#8221;24122&#8243; img_size=&#8221;full&#8221; alignment=&#8221;center&#8221;][\/vc_column][vc_column width=&#8221;1\/2&#8243;][vc_column_text]<\/p>\n<section class=\"elementor-section elementor-top-section elementor-element elementor-element-d0997ab elementor-section-boxed elementor-section-gap-beside-yes elementor-section-height-default elementor-section-height-default elementor-section-column-vertical-align-stretch\" data-id=\"d0997ab\" data-element_type=\"section\" data-settings=\"{\"background_background\":\"classic\"}\">\n<div class=\"elementor-container elementor-column-gap-extended\">\n<div class=\"elementor-row\">\n<div class=\"elementor-column elementor-col-50 elementor-top-column elementor-element elementor-element-7603607\" data-id=\"7603607\" data-element_type=\"column\" data-settings=\"{\"background_background\":\"classic\"}\">\n<div class=\"elementor-column-wrap elementor-element-populated\">\n<div class=\"elementor-widget-wrap\">\n<div class=\"elementor-element elementor-element-55345a7 elementor-widget elementor-widget-text-editor animated tmFadeInUp\" data-id=\"55345a7\" data-element_type=\"widget\" data-settings=\"{\"_animation\":\"tmFadeInUp\"}\" data-widget_type=\"text-editor.default\">\n<div class=\"elementor-widget-container\">\n<div class=\"elementor-text-editor elementor-clearfix\">\n<blockquote>\n<h1><strong>&#8220;Foi ent\u00e3o que percebi que tinha algo especial em minhas m\u00e3os. Foi assim que decidi dar o pr\u00f3ximo passo e come\u00e7ar a vender meus produtos.&#8221;<\/strong><\/h1>\n<\/blockquote>\n<\/div>\n<\/div>\n<\/div>\n<\/div>\n<\/div>\n<\/div>\n<\/div>\n<\/div>\n<\/section>\n<section class=\"elementor-section elementor-top-section elementor-element elementor-element-8377021 elementor-section-boxed elementor-section-gap-beside-yes elementor-section-height-default elementor-section-height-default elementor-section-column-vertical-align-stretch\" data-id=\"8377021\" data-element_type=\"section\">\n<div class=\"elementor-container elementor-column-gap-extended\">\n<div class=\"elementor-row\">\n<div class=\"elementor-column elementor-col-100 elementor-top-column elementor-element elementor-element-d1a5a32\" data-id=\"d1a5a32\" data-element_type=\"column\">\n<div class=\"elementor-column-wrap elementor-element-populated\">\n<div class=\"elementor-widget-wrap\">\n<div class=\"elementor-element elementor-element-5311514 elementor-widget__width-initial elementor-widget elementor-widget-text-editor\" data-id=\"5311514\" data-element_type=\"widget\" data-widget_type=\"text-editor.default\">\n<div class=\"elementor-widget-container\">\n<div class=\"elementor-text-editor elementor-clearfix\">\n<p>&nbsp;<\/p>\n<p>Hoje, a Bacana \u00e9 muito mais do que apenas produtos de cuidados com a pele. \u00c9 uma hist\u00f3ria de confian\u00e7a, qualidade e cuidado, que se reflete em cada item que ela cria. Seu objetivo \u00e9 continuar a surpreender e satisfazer nossos clientes, oferecendo produtos de alta qualidade que realmente fazem a diferen\u00e7a para a sa\u00fade da pele.<\/p>\n<\/div>\n<\/div>\n<\/div>\n<\/div>\n<\/div>\n<\/div>\n<\/div>\n<\/div>\n<\/section>\n<p>[\/vc_column_text][\/vc_column][\/vc_row]<\/p>\n<\/div>","protected":false},"excerpt":{"rendered":"<p>[vc_row css=&#8221;.vc_custom_1695213479803{margin-top: 75px !important;}&#8221;][vc_column][vc_column_text] A Bacana Story [\/vc_column_text][\/vc_column][\/vc_row][vc_row content_placement=&#8221;middle&#8221; css=&#8221;.vc_custom_1695212733339{margin-top: 20px !important;margin-bottom: 20px !important;}&#8221;][vc_column width=&#8221;1\/2&#8243;][vc_single_image image=&#8221;24118&#8243; img_size=&#8221;full&#8221; alignment=&#8221;center&#8221;][\/vc_column][vc_column width=&#8221;1\/2&#8243;][vc_column_text] Da paix\u00e3o por cosm\u00e9ticos \u00e0 cria\u00e7\u00e3o de nossa marca: Uma jornada inspiradora de solu\u00e7\u00f5es &nbsp; A Bacana nasceu da paix\u00e3o e da determina\u00e7\u00e3o de Fernanda, uma farmac\u00eautica brasileira que come\u00e7ou sua jornada desenvolvendo produtos exclusivos para [&hellip;]<\/p>\n","protected":false},"author":1,"featured_media":0,"parent":0,"menu_order":0,"comment_status":"closed","ping_status":"closed","template":"","meta":{"ocean_post_layout":"","ocean_both_sidebars_style":"","ocean_both_sidebars_content_width":0,"ocean_both_sidebars_sidebars_width":0,"ocean_sidebar":"0","ocean_second_sidebar":"0","ocean_disable_margins":"enable","ocean_add_body_class":"","ocean_shortcode_before_top_bar":"","ocean_shortcode_after_top_bar":"","ocean_shortcode_before_header":"","ocean_shortcode_after_header":"","ocean_has_shortcode":"","ocean_shortcode_after_title":"","ocean_shortcode_before_footer_widgets":"","ocean_shortcode_after_footer_widgets":"","ocean_shortcode_before_footer_bottom":"","ocean_shortcode_after_footer_bottom":"","ocean_display_top_bar":"default","ocean_display_header":"default","ocean_header_style":"","ocean_center_header_left_menu":"0","ocean_custom_header_template":"0","ocean_custom_logo":0,"ocean_custom_retina_logo":0,"ocean_custom_logo_max_width":0,"ocean_custom_logo_tablet_max_width":0,"ocean_custom_logo_mobile_max_width":0,"ocean_custom_logo_max_height":0,"ocean_custom_logo_tablet_max_height":0,"ocean_custom_logo_mobile_max_height":0,"ocean_header_custom_menu":"0","ocean_menu_typo_font_family":"0","ocean_menu_typo_font_subset":"","ocean_menu_typo_font_size":0,"ocean_menu_typo_font_size_tablet":0,"ocean_menu_typo_font_size_mobile":0,"ocean_menu_typo_font_size_unit":"px","ocean_menu_typo_font_weight":"","ocean_menu_typo_font_weight_tablet":"","ocean_menu_typo_font_weight_mobile":"","ocean_menu_typo_transform":"","ocean_menu_typo_transform_tablet":"","ocean_menu_typo_transform_mobile":"","ocean_menu_typo_line_height":0,"ocean_menu_typo_line_height_tablet":0,"ocean_menu_typo_line_height_mobile":0,"ocean_menu_typo_line_height_unit":"","ocean_menu_typo_spacing":0,"ocean_menu_typo_spacing_tablet":0,"ocean_menu_typo_spacing_mobile":0,"ocean_menu_typo_spacing_unit":"","ocean_menu_link_color":"","ocean_menu_link_color_hover":"","ocean_menu_link_color_active":"","ocean_menu_link_background":"","ocean_menu_link_hover_background":"","ocean_menu_link_active_background":"","ocean_menu_social_links_bg":"","ocean_menu_social_hover_links_bg":"","ocean_menu_social_links_color":"","ocean_menu_social_hover_links_color":"","ocean_disable_title":"default","ocean_disable_heading":"default","ocean_post_title":"","ocean_post_subheading":"","ocean_post_title_style":"","ocean_post_title_background_color":"","ocean_post_title_background":0,"ocean_post_title_bg_image_position":"","ocean_post_title_bg_image_attachment":"","ocean_post_title_bg_image_repeat":"","ocean_post_title_bg_image_size":"","ocean_post_title_height":0,"ocean_post_title_bg_overlay":0.5,"ocean_post_title_bg_overlay_color":"","ocean_disable_breadcrumbs":"default","ocean_breadcrumbs_color":"","ocean_breadcrumbs_separator_color":"","ocean_breadcrumbs_links_color":"","ocean_breadcrumbs_links_hover_color":"","ocean_display_footer_widgets":"default","ocean_display_footer_bottom":"default","ocean_custom_footer_template":"0","iawp_total_views":45,"footnotes":""},"class_list":["post-24097","page","type-page","status-publish","hentry","entry","owp-thumbs-layout-horizontal","owp-btn-normal","owp-tabs-layout-horizontal","has-no-thumbnails","has-product-nav","circle-sale"],"yoast_head":"<!-- This site is optimized with the Yoast SEO plugin v27.3 - https:\/\/yoast.com\/product\/yoast-seo-wordpress\/ -->\n<title>Nossa Hist\u00f3ria - Bacana Skincare<\/title>\n<meta name=\"robots\" content=\"index, follow, max-snippet:-1, max-image-preview:large, max-video-preview:-1\" \/>\n<link rel=\"canonical\" href=\"https:\/\/bacanaskincare.com\/pt-br\/our-story\/\" \/>\n<meta property=\"og:locale\" content=\"pt_BR\" \/>\n<meta property=\"og:type\" content=\"article\" \/>\n<meta property=\"og:title\" content=\"Nossa Hist\u00f3ria - Bacana Skincare\" \/>\n<meta property=\"og:description\" content=\"[vc_row css=&#8221;.vc_custom_1695213479803{margin-top: 75px !important;}&#8221;][vc_column][vc_column_text] A Bacana Story [\/vc_column_text][\/vc_column][\/vc_row][vc_row content_placement=&#8221;middle&#8221; css=&#8221;.vc_custom_1695212733339{margin-top: 20px !important;margin-bottom: 20px !important;}&#8221;][vc_column width=&#8221;1\/2&#8243;][vc_single_image image=&#8221;24118&#8243; img_size=&#8221;full&#8221; alignment=&#8221;center&#8221;][\/vc_column][vc_column width=&#8221;1\/2&#8243;][vc_column_text] Da paix\u00e3o por cosm\u00e9ticos \u00e0 cria\u00e7\u00e3o de nossa marca: Uma jornada inspiradora de solu\u00e7\u00f5es &nbsp; A Bacana nasceu da paix\u00e3o e da determina\u00e7\u00e3o de Fernanda, uma farmac\u00eautica brasileira que come\u00e7ou sua jornada desenvolvendo produtos exclusivos para [&hellip;]\" \/>\n<meta property=\"og:url\" content=\"https:\/\/bacanaskincare.com\/pt-br\/our-story\/\" \/>\n<meta property=\"og:site_name\" content=\"Bacana Skincare\" \/>\n<meta property=\"article:publisher\" content=\"https:\/\/www.facebook.com\/bacanaskincare-106988470647315\/\" \/>\n<meta property=\"article:modified_time\" content=\"2023-10-29T15:00:01+00:00\" \/>\n<meta name=\"twitter:card\" content=\"summary_large_image\" \/>\n<meta name=\"twitter:label1\" content=\"Est. tempo de leitura\" \/>\n\t<meta name=\"twitter:data1\" content=\"4 minutos\" \/>\n<script type=\"application\/ld+json\" class=\"yoast-schema-graph\">{\"@context\":\"https:\\\/\\\/schema.org\",\"@graph\":[{\"@type\":\"WebPage\",\"@id\":\"https:\\\/\\\/bacanaskincare.com\\\/pt-br\\\/our-story\\\/\",\"url\":\"https:\\\/\\\/bacanaskincare.com\\\/pt-br\\\/our-story\\\/\",\"name\":\"Nossa Hist\u00f3ria - Bacana Skincare\",\"isPartOf\":{\"@id\":\"https:\\\/\\\/bacanaskincare.com\\\/pt-br\\\/#website\"},\"datePublished\":\"2023-10-07T20:32:26+00:00\",\"dateModified\":\"2023-10-29T15:00:01+00:00\",\"inLanguage\":\"pt-BR\",\"potentialAction\":[{\"@type\":\"ReadAction\",\"target\":[\"https:\\\/\\\/bacanaskincare.com\\\/pt-br\\\/our-story\\\/\"]}]},{\"@type\":\"WebSite\",\"@id\":\"https:\\\/\\\/bacanaskincare.com\\\/pt-br\\\/#website\",\"url\":\"https:\\\/\\\/bacanaskincare.com\\\/pt-br\\\/\",\"name\":\"Bacana Skincare\",\"description\":\"Natural skincare powered by tropical superfruits\",\"publisher\":{\"@id\":\"https:\\\/\\\/bacanaskincare.com\\\/pt-br\\\/#organization\"},\"potentialAction\":[{\"@type\":\"SearchAction\",\"target\":{\"@type\":\"EntryPoint\",\"urlTemplate\":\"https:\\\/\\\/bacanaskincare.com\\\/pt-br\\\/?s={search_term_string}\"},\"query-input\":{\"@type\":\"PropertyValueSpecification\",\"valueRequired\":true,\"valueName\":\"search_term_string\"}}],\"inLanguage\":\"pt-BR\"},{\"@type\":\"Organization\",\"@id\":\"https:\\\/\\\/bacanaskincare.com\\\/pt-br\\\/#organization\",\"name\":\"Bacana Skincare\",\"url\":\"https:\\\/\\\/bacanaskincare.com\\\/pt-br\\\/\",\"logo\":{\"@type\":\"ImageObject\",\"inLanguage\":\"pt-BR\",\"@id\":\"https:\\\/\\\/bacanaskincare.com\\\/pt-br\\\/#\\\/schema\\\/logo\\\/image\\\/\",\"url\":\"https:\\\/\\\/bacanaskincare.com\\\/wp-content\\\/uploads\\\/2019\\\/09\\\/u.png\",\"contentUrl\":\"https:\\\/\\\/bacanaskincare.com\\\/wp-content\\\/uploads\\\/2019\\\/09\\\/u.png\",\"width\":834,\"height\":226,\"caption\":\"Bacana Skincare\"},\"image\":{\"@id\":\"https:\\\/\\\/bacanaskincare.com\\\/pt-br\\\/#\\\/schema\\\/logo\\\/image\\\/\"},\"sameAs\":[\"https:\\\/\\\/www.facebook.com\\\/bacanaskincare-106988470647315\\\/\",\"https:\\\/\\\/www.instagram.com\\\/bacanaskincare\\\/?hl=en\",\"https:\\\/\\\/br.pinterest.com\\\/d0fd9db15f94c64465fab43d03b69a\\\/\"]}]}<\/script>\n<!-- \/ Yoast SEO plugin. -->","yoast_head_json":{"title":"Nossa Hist\u00f3ria - Bacana Skincare","robots":{"index":"index","follow":"follow","max-snippet":"max-snippet:-1","max-image-preview":"max-image-preview:large","max-video-preview":"max-video-preview:-1"},"canonical":"https:\/\/bacanaskincare.com\/pt-br\/our-story\/","og_locale":"pt_BR","og_type":"article","og_title":"Nossa Hist\u00f3ria - Bacana Skincare","og_description":"[vc_row css=&#8221;.vc_custom_1695213479803{margin-top: 75px !important;}&#8221;][vc_column][vc_column_text] A Bacana Story [\/vc_column_text][\/vc_column][\/vc_row][vc_row content_placement=&#8221;middle&#8221; css=&#8221;.vc_custom_1695212733339{margin-top: 20px !important;margin-bottom: 20px !important;}&#8221;][vc_column width=&#8221;1\/2&#8243;][vc_single_image image=&#8221;24118&#8243; img_size=&#8221;full&#8221; alignment=&#8221;center&#8221;][\/vc_column][vc_column width=&#8221;1\/2&#8243;][vc_column_text] Da paix\u00e3o por cosm\u00e9ticos \u00e0 cria\u00e7\u00e3o de nossa marca: Uma jornada inspiradora de solu\u00e7\u00f5es &nbsp; A Bacana nasceu da paix\u00e3o e da determina\u00e7\u00e3o de Fernanda, uma farmac\u00eautica brasileira que come\u00e7ou sua jornada desenvolvendo produtos exclusivos para [&hellip;]","og_url":"https:\/\/bacanaskincare.com\/pt-br\/our-story\/","og_site_name":"Bacana Skincare","article_publisher":"https:\/\/www.facebook.com\/bacanaskincare-106988470647315\/","article_modified_time":"2023-10-29T15:00:01+00:00","twitter_card":"summary_large_image","twitter_misc":{"Est. tempo de leitura":"4 minutos"},"schema":{"@context":"https:\/\/schema.org","@graph":[{"@type":"WebPage","@id":"https:\/\/bacanaskincare.com\/pt-br\/our-story\/","url":"https:\/\/bacanaskincare.com\/pt-br\/our-story\/","name":"Nossa Hist\u00f3ria - Bacana Skincare","isPartOf":{"@id":"https:\/\/bacanaskincare.com\/pt-br\/#website"},"datePublished":"2023-10-07T20:32:26+00:00","dateModified":"2023-10-29T15:00:01+00:00","inLanguage":"pt-BR","potentialAction":[{"@type":"ReadAction","target":["https:\/\/bacanaskincare.com\/pt-br\/our-story\/"]}]},{"@type":"WebSite","@id":"https:\/\/bacanaskincare.com\/pt-br\/#website","url":"https:\/\/bacanaskincare.com\/pt-br\/","name":"Bacana Skincare","description":"Natural skincare powered by tropical superfruits","publisher":{"@id":"https:\/\/bacanaskincare.com\/pt-br\/#organization"},"potentialAction":[{"@type":"SearchAction","target":{"@type":"EntryPoint","urlTemplate":"https:\/\/bacanaskincare.com\/pt-br\/?s={search_term_string}"},"query-input":{"@type":"PropertyValueSpecification","valueRequired":true,"valueName":"search_term_string"}}],"inLanguage":"pt-BR"},{"@type":"Organization","@id":"https:\/\/bacanaskincare.com\/pt-br\/#organization","name":"Bacana Skincare","url":"https:\/\/bacanaskincare.com\/pt-br\/","logo":{"@type":"ImageObject","inLanguage":"pt-BR","@id":"https:\/\/bacanaskincare.com\/pt-br\/#\/schema\/logo\/image\/","url":"https:\/\/bacanaskincare.com\/wp-content\/uploads\/2019\/09\/u.png","contentUrl":"https:\/\/bacanaskincare.com\/wp-content\/uploads\/2019\/09\/u.png","width":834,"height":226,"caption":"Bacana Skincare"},"image":{"@id":"https:\/\/bacanaskincare.com\/pt-br\/#\/schema\/logo\/image\/"},"sameAs":["https:\/\/www.facebook.com\/bacanaskincare-106988470647315\/","https:\/\/www.instagram.com\/bacanaskincare\/?hl=en","https:\/\/br.pinterest.com\/d0fd9db15f94c64465fab43d03b69a\/"]}]}},"_links":{"self":[{"href":"https:\/\/bacanaskincare.com\/pt-br\/wp-json\/wp\/v2\/pages\/24097","targetHints":{"allow":["GET"]}}],"collection":[{"href":"https:\/\/bacanaskincare.com\/pt-br\/wp-json\/wp\/v2\/pages"}],"about":[{"href":"https:\/\/bacanaskincare.com\/pt-br\/wp-json\/wp\/v2\/types\/page"}],"author":[{"embeddable":true,"href":"https:\/\/bacanaskincare.com\/pt-br\/wp-json\/wp\/v2\/users\/1"}],"replies":[{"embeddable":true,"href":"https:\/\/bacanaskincare.com\/pt-br\/wp-json\/wp\/v2\/comments?post=24097"}],"version-history":[{"count":0,"href":"https:\/\/bacanaskincare.com\/pt-br\/wp-json\/wp\/v2\/pages\/24097\/revisions"}],"wp:attachment":[{"href":"https:\/\/bacanaskincare.com\/pt-br\/wp-json\/wp\/v2\/media?parent=24097"}],"curies":[{"name":"wp","href":"https:\/\/api.w.org\/{rel}","templated":true}]}}